{"id":11169,"date":"2024-04-25T10:24:25","date_gmt":"2024-04-25T10:24:25","guid":{"rendered":"https:\/\/cac-cl.pt\/?post_type=services&#038;p=11169"},"modified":"2025-08-08T10:06:56","modified_gmt":"2025-08-08T10:06:56","slug":"integrated-master-in-medicine","status":"publish","type":"services","link":"https:\/\/cac-cl.pt\/pt\/services\/integrated-master-in-medicine\/","title":{"rendered":"Mestrado Integrado em Medicina"},"content":{"rendered":"<div style=\"height:50px\" aria-hidden=\"true\" class=\"wp-block-spacer\"><\/div>\n\n\n\n<p>Cat\u00f3lica Medical School offers an <a href=\"https:\/\/fm.ucp.pt\/pt-pt\/descricao-do-programa\">Mestrado Integrado em Medicina<\/a>, with a total of 360 ECTS and a duration of 6 academic years. The programme has the partnership of the <a href=\"https:\/\/www.luzsaude.pt\/pt\/\">Grupo Luz Sa\u00fade <\/a>and the close collaboration of <a href=\"https:\/\/www.maastrichtuniversity.nl\/about-um\/faculties\/faculty-health-medicine-and-life-sciences-0\">Maastricht University<\/a>, the <a href=\"https:\/\/www.arslvt.min-saude.pt\/\">Regional Health Administration of Lisbon and the Tagus Valley<\/a>, the Public Institute, the Beatriz \u00c2ngelo Hospital and the <a href=\"https:\/\/www.ump.pt\/\">Union of Portuguese Miseric\u00f3rdias<\/a>.<\/p>\n\n\n\n<p>O curso tem como objetivo preparar e formar profissionais de excel\u00eancia no exerc\u00edcio da medicina cl\u00ednica, dotados de compet\u00eancias transformadoras, transversais e transfer\u00edveis, adquiridas com base em compet\u00eancias de pensamento cient\u00edfico decorrente da pr\u00e1tica precoce de investiga\u00e7\u00e3o no curso.<\/p>\n\n\n\n<p>Esta forma\u00e7\u00e3o \u00e9 complementada pela promo\u00e7\u00e3o de um comportamento \u00e9tico e human\u00edstico \u00e0 luz dos princ\u00edpios humanistas da Cat\u00f3lica, e pelo desenvolvimento de compet\u00eancias de lideran\u00e7a para que os formandos sejam futuros agentes transformadores das comunidades onde venham a exercer a sua atividade.<\/p>\n\n\n\n<p>The Medicine course will use&nbsp;student-centred teaching methodologies&nbsp;that foster learning autonomy, with greater retention and depth of knowledge, with proven clinical skills. The course is&nbsp;aligned with the Maastricht University teaching&nbsp;and evaluation model, will have training at the best international level, with top teachers and will be taught in English, with the clinical component in Portuguese. The course will allow access to international training mobility with other leading medical schools.<\/p>\n\n\n\n<p>The completion of the Integrated Master in Medicine requires the completion of&nbsp;<strong>360 ECTS<\/strong>&nbsp;and the programme has a duration of 6 academic years (12 semesters), following Article 3 of Decree-Law No. 74\/2006 of March 24, under the language of Decree-Law No. 65\/2018 of August 16.<\/p>\n\n\n\n<p>In the first three curricular years, the completion of 180 ECTS corresponds to the first cycle of studies and grants students the degree of Bachelor in Basic Sciences of Medicine. The second cycle of studies has the objective of completing the remaining 180 ECTS, in the last three curricular years, and grants the degree of Master in Medicine.<\/p>\n\n\n\n<p>Higher education in Medicine is regulated at European level, with a view to the&nbsp;<a href=\"http:\/\/www.dges.gov.pt\/pt\/pagina\/medicina?plid=371\" target=\"_blank\" rel=\"noreferrer noopener\">recognition of the respective professional qualification&nbsp;<\/a>among the Member States.<\/p>\n\n\n\n<p><strong><em>This program is supported by the&nbsp;TRAINING4RESILIENCE project, funded by the European Union (NextGenerationEU), STEAM Youth Impulse&nbsp;and Adult Impulse, as part of the&nbsp;Recovery and Resilience Programme (PRR).<\/em><\/strong><\/p>\n\n\n\n<div class=\"wp-block-buttons is-content-justification-center is-layout-flex wp-container-core-buttons-is-layout-16018d1d wp-block-buttons-is-layout-flex\">\n<div class=\"wp-block-button\"><a class=\"wp-block-button__link has-white-color has-text-color has-background has-link-color wp-element-button\" href=\"https:\/\/fm.ucp.pt\/integrated-master-medicine\/integrated-master-medicine\" style=\"background-color:#0d9bad\">Read More<\/a><\/div>\n<\/div>\n\n\n\n<p><a href=\"https:\/\/fm.ucp.pt\/pt-pt\/mestrado-integrado-em-medicina\"><\/a><\/p>","protected":false},"excerpt":{"rendered":"<p>Cat\u00f3lica Medical School offers an Integrated Master&#8217;s Degree in Medicine, with a total of 360 ECTS and a duration of 6 academic years. The programme has the partnership of the Luz Sa\u00fade Group and the close collaboration of Maastricht University, the Regional Health Administration of Lisbon and the Tagus Valley, the Public Institute, the Beatriz [&hellip;]<\/p>\n","protected":false},"featured_media":11061,"parent":0,"comment_status":"closed","ping_status":"closed","template":"","service_category":[71],"class_list":["post-11169","services","type-services","status-publish","has-post-thumbnail","hentry","service_category-master"],"acf":[],"yoast_head":"<!-- This site is optimized with the Yoast SEO plugin v27.5 - https:\/\/yoast.com\/product\/yoast-seo-wordpress\/ -->\n<title>Integrated Master in Medicine | Centro Acad\u00e9mico Cl\u00ednico Cat\u00f3lica Luz (CAC-CL)<\/title>\n<meta name=\"robots\" content=\"index, follow, max-snippet:-1, max-image-preview:large, max-video-preview:-1\" \/>\n<link rel=\"canonical\" href=\"https:\/\/cac-cl.pt\/pt\/services\/integrated-master-in-medicine\/\" \/>\n<meta property=\"og:locale\" content=\"pt_PT\" \/>\n<meta property=\"og:type\" content=\"article\" \/>\n<meta property=\"og:title\" content=\"Integrated Master in Medicine | Centro Acad\u00e9mico Cl\u00ednico Cat\u00f3lica Luz (CAC-CL)\" \/>\n<meta property=\"og:description\" content=\"Cat\u00f3lica Medical School offers an Integrated Master&#8217;s Degree in Medicine, with a total of 360 ECTS and a duration of 6 academic years. The programme has the partnership of the Luz Sa\u00fade Group and the close collaboration of Maastricht University, the Regional Health Administration of Lisbon and the Tagus Valley, the Public Institute, the Beatriz [&hellip;]\" \/>\n<meta property=\"og:url\" content=\"https:\/\/cac-cl.pt\/pt\/services\/integrated-master-in-medicine\/\" \/>\n<meta property=\"og:site_name\" content=\"Centro Acad\u00e9mico Cl\u00ednico Cat\u00f3lica Luz (CAC-CL)\" \/>\n<meta property=\"article:modified_time\" content=\"2025-08-08T10:06:56+00:00\" \/>\n<meta property=\"og:image\" content=\"https:\/\/cac-cl.pt\/wp-content\/uploads\/2024\/04\/2Z7B8194.jpg\" \/>\n\t<meta property=\"og:image:width\" content=\"1365\" \/>\n\t<meta property=\"og:image:height\" content=\"2048\" \/>\n\t<meta property=\"og:image:type\" content=\"image\/jpeg\" \/>\n<meta name=\"twitter:card\" content=\"summary_large_image\" \/>\n<meta name=\"twitter:label1\" content=\"Tempo estimado de leitura\" \/>\n\t<meta name=\"twitter:data1\" content=\"3 minutos\" \/>\n<script type=\"application\/ld+json\" class=\"yoast-schema-graph\">{\"@context\":\"https:\\\/\\\/schema.org\",\"@graph\":[{\"@type\":\"WebPage\",\"@id\":\"https:\\\/\\\/cac-cl.pt\\\/services\\\/integrated-master-in-medicine\\\/\",\"url\":\"https:\\\/\\\/cac-cl.pt\\\/services\\\/integrated-master-in-medicine\\\/\",\"name\":\"Integrated Master in Medicine | Centro Acad\u00e9mico Cl\u00ednico Cat\u00f3lica Luz (CAC-CL)\",\"isPartOf\":{\"@id\":\"https:\\\/\\\/cac-cl.pt\\\/#website\"},\"primaryImageOfPage\":{\"@id\":\"https:\\\/\\\/cac-cl.pt\\\/services\\\/integrated-master-in-medicine\\\/#primaryimage\"},\"image\":{\"@id\":\"https:\\\/\\\/cac-cl.pt\\\/services\\\/integrated-master-in-medicine\\\/#primaryimage\"},\"thumbnailUrl\":\"https:\\\/\\\/cac-cl.pt\\\/wp-content\\\/uploads\\\/2024\\\/04\\\/2Z7B8194.jpg\",\"datePublished\":\"2024-04-25T10:24:25+00:00\",\"dateModified\":\"2025-08-08T10:06:56+00:00\",\"breadcrumb\":{\"@id\":\"https:\\\/\\\/cac-cl.pt\\\/services\\\/integrated-master-in-medicine\\\/#breadcrumb\"},\"inLanguage\":\"pt-PT\",\"potentialAction\":[{\"@type\":\"ReadAction\",\"target\":[\"https:\\\/\\\/cac-cl.pt\\\/services\\\/integrated-master-in-medicine\\\/\"]}]},{\"@type\":\"ImageObject\",\"inLanguage\":\"pt-PT\",\"@id\":\"https:\\\/\\\/cac-cl.pt\\\/services\\\/integrated-master-in-medicine\\\/#primaryimage\",\"url\":\"https:\\\/\\\/cac-cl.pt\\\/wp-content\\\/uploads\\\/2024\\\/04\\\/2Z7B8194.jpg\",\"contentUrl\":\"https:\\\/\\\/cac-cl.pt\\\/wp-content\\\/uploads\\\/2024\\\/04\\\/2Z7B8194.jpg\",\"width\":1365,\"height\":2048,\"caption\":\"integrated master in medicine\"},{\"@type\":\"BreadcrumbList\",\"@id\":\"https:\\\/\\\/cac-cl.pt\\\/services\\\/integrated-master-in-medicine\\\/#breadcrumb\",\"itemListElement\":[{\"@type\":\"ListItem\",\"position\":1,\"name\":\"In\u00edcio\",\"item\":\"https:\\\/\\\/cac-cl.pt\\\/\"},{\"@type\":\"ListItem\",\"position\":2,\"name\":\"Services\",\"item\":\"https:\\\/\\\/cac-cl.pt\\\/services\\\/\"},{\"@type\":\"ListItem\",\"position\":3,\"name\":\"Integrated Master in Medicine\"}]},{\"@type\":\"WebSite\",\"@id\":\"https:\\\/\\\/cac-cl.pt\\\/#website\",\"url\":\"https:\\\/\\\/cac-cl.pt\\\/\",\"name\":\"Centro Acad\u00e9mico Cl\u00ednico Cat\u00f3lica Luz (CAC-CL)\",\"description\":\"Centro Acad\u00e9mico Cl\u00ednico Cat\u00f3lica Luz\",\"publisher\":{\"@id\":\"https:\\\/\\\/cac-cl.pt\\\/#organization\"},\"alternateName\":\"CAC-CL\",\"potentialAction\":[{\"@type\":\"SearchAction\",\"target\":{\"@type\":\"EntryPoint\",\"urlTemplate\":\"https:\\\/\\\/cac-cl.pt\\\/?s={search_term_string}\"},\"query-input\":{\"@type\":\"PropertyValueSpecification\",\"valueRequired\":true,\"valueName\":\"search_term_string\"}}],\"inLanguage\":\"pt-PT\"},{\"@type\":\"Organization\",\"@id\":\"https:\\\/\\\/cac-cl.pt\\\/#organization\",\"name\":\"Centro Acad\u00e9mico Cl\u00ednico Cat\u00f3lica Luz (CAC-CL)\",\"alternateName\":\"CAC-CL\",\"url\":\"https:\\\/\\\/cac-cl.pt\\\/\",\"logo\":{\"@type\":\"ImageObject\",\"inLanguage\":\"pt-PT\",\"@id\":\"https:\\\/\\\/cac-cl.pt\\\/#\\\/schema\\\/logo\\\/image\\\/\",\"url\":\"https:\\\/\\\/cac-cl.pt\\\/wp-content\\\/uploads\\\/2024\\\/04\\\/cropped-CAC_Logotipo_Principal_Positivo-e1712844263631.png\",\"contentUrl\":\"https:\\\/\\\/cac-cl.pt\\\/wp-content\\\/uploads\\\/2024\\\/04\\\/cropped-CAC_Logotipo_Principal_Positivo-e1712844263631.png\",\"width\":2249,\"height\":1409,\"caption\":\"Centro Acad\u00e9mico Cl\u00ednico Cat\u00f3lica Luz (CAC-CL)\"},\"image\":{\"@id\":\"https:\\\/\\\/cac-cl.pt\\\/#\\\/schema\\\/logo\\\/image\\\/\"},\"sameAs\":[\"https:\\\/\\\/www.linkedin.com\\\/company\\\/caolica-luz-cac\\\/\",\"https:\\\/\\\/www.instagram.com\\\/caccl.pt\\\/\",\"https:\\\/\\\/pt.pinterest.com\\\/catolicaluz\\\/\"]}]}<\/script>\n<!-- \/ Yoast SEO plugin. -->","yoast_head_json":{"title":"Integrated Master in Medicine | Centro Acad\u00e9mico Cl\u00ednico Cat\u00f3lica Luz (CAC-CL)","robots":{"index":"index","follow":"follow","max-snippet":"max-snippet:-1","max-image-preview":"max-image-preview:large","max-video-preview":"max-video-preview:-1"},"canonical":"https:\/\/cac-cl.pt\/pt\/services\/integrated-master-in-medicine\/","og_locale":"pt_PT","og_type":"article","og_title":"Integrated Master in Medicine | Centro Acad\u00e9mico Cl\u00ednico Cat\u00f3lica Luz (CAC-CL)","og_description":"Cat\u00f3lica Medical School offers an Integrated Master&#8217;s Degree in Medicine, with a total of 360 ECTS and a duration of 6 academic years. The programme has the partnership of the Luz Sa\u00fade Group and the close collaboration of Maastricht University, the Regional Health Administration of Lisbon and the Tagus Valley, the Public Institute, the Beatriz [&hellip;]","og_url":"https:\/\/cac-cl.pt\/pt\/services\/integrated-master-in-medicine\/","og_site_name":"Centro Acad\u00e9mico Cl\u00ednico Cat\u00f3lica Luz (CAC-CL)","article_modified_time":"2025-08-08T10:06:56+00:00","og_image":[{"width":1365,"height":2048,"url":"https:\/\/cac-cl.pt\/wp-content\/uploads\/2024\/04\/2Z7B8194.jpg","type":"image\/jpeg"}],"twitter_card":"summary_large_image","twitter_misc":{"Tempo estimado de leitura":"3 minutos"},"schema":{"@context":"https:\/\/schema.org","@graph":[{"@type":"WebPage","@id":"https:\/\/cac-cl.pt\/services\/integrated-master-in-medicine\/","url":"https:\/\/cac-cl.pt\/services\/integrated-master-in-medicine\/","name":"Integrated Master in Medicine | Centro Acad\u00e9mico Cl\u00ednico Cat\u00f3lica Luz (CAC-CL)","isPartOf":{"@id":"https:\/\/cac-cl.pt\/#website"},"primaryImageOfPage":{"@id":"https:\/\/cac-cl.pt\/services\/integrated-master-in-medicine\/#primaryimage"},"image":{"@id":"https:\/\/cac-cl.pt\/services\/integrated-master-in-medicine\/#primaryimage"},"thumbnailUrl":"https:\/\/cac-cl.pt\/wp-content\/uploads\/2024\/04\/2Z7B8194.jpg","datePublished":"2024-04-25T10:24:25+00:00","dateModified":"2025-08-08T10:06:56+00:00","breadcrumb":{"@id":"https:\/\/cac-cl.pt\/services\/integrated-master-in-medicine\/#breadcrumb"},"inLanguage":"pt-PT","potentialAction":[{"@type":"ReadAction","target":["https:\/\/cac-cl.pt\/services\/integrated-master-in-medicine\/"]}]},{"@type":"ImageObject","inLanguage":"pt-PT","@id":"https:\/\/cac-cl.pt\/services\/integrated-master-in-medicine\/#primaryimage","url":"https:\/\/cac-cl.pt\/wp-content\/uploads\/2024\/04\/2Z7B8194.jpg","contentUrl":"https:\/\/cac-cl.pt\/wp-content\/uploads\/2024\/04\/2Z7B8194.jpg","width":1365,"height":2048,"caption":"integrated master in medicine"},{"@type":"BreadcrumbList","@id":"https:\/\/cac-cl.pt\/services\/integrated-master-in-medicine\/#breadcrumb","itemListElement":[{"@type":"ListItem","position":1,"name":"In\u00edcio","item":"https:\/\/cac-cl.pt\/"},{"@type":"ListItem","position":2,"name":"Services","item":"https:\/\/cac-cl.pt\/services\/"},{"@type":"ListItem","position":3,"name":"Integrated Master in Medicine"}]},{"@type":"WebSite","@id":"https:\/\/cac-cl.pt\/#website","url":"https:\/\/cac-cl.pt\/","name":"Centro Acad\u00e9mico Cl\u00ednico Cat\u00f3lica Luz (CAC-CL)","description":"Centro Acad\u00e9mico Cl\u00ednico Cat\u00f3lica Luz","publisher":{"@id":"https:\/\/cac-cl.pt\/#organization"},"alternateName":"CAC-CL","potentialAction":[{"@type":"SearchAction","target":{"@type":"EntryPoint","urlTemplate":"https:\/\/cac-cl.pt\/?s={search_term_string}"},"query-input":{"@type":"PropertyValueSpecification","valueRequired":true,"valueName":"search_term_string"}}],"inLanguage":"pt-PT"},{"@type":"Organization","@id":"https:\/\/cac-cl.pt\/#organization","name":"Centro Acad\u00e9mico Cl\u00ednico Cat\u00f3lica Luz (CAC-CL)","alternateName":"CAC-CL","url":"https:\/\/cac-cl.pt\/","logo":{"@type":"ImageObject","inLanguage":"pt-PT","@id":"https:\/\/cac-cl.pt\/#\/schema\/logo\/image\/","url":"https:\/\/cac-cl.pt\/wp-content\/uploads\/2024\/04\/cropped-CAC_Logotipo_Principal_Positivo-e1712844263631.png","contentUrl":"https:\/\/cac-cl.pt\/wp-content\/uploads\/2024\/04\/cropped-CAC_Logotipo_Principal_Positivo-e1712844263631.png","width":2249,"height":1409,"caption":"Centro Acad\u00e9mico Cl\u00ednico Cat\u00f3lica Luz (CAC-CL)"},"image":{"@id":"https:\/\/cac-cl.pt\/#\/schema\/logo\/image\/"},"sameAs":["https:\/\/www.linkedin.com\/company\/caolica-luz-cac\/","https:\/\/www.instagram.com\/caccl.pt\/","https:\/\/pt.pinterest.com\/catolicaluz\/"]}]}},"_links":{"self":[{"href":"https:\/\/cac-cl.pt\/pt\/wp-json\/wp\/v2\/services\/11169","targetHints":{"allow":["GET"]}}],"collection":[{"href":"https:\/\/cac-cl.pt\/pt\/wp-json\/wp\/v2\/services"}],"about":[{"href":"https:\/\/cac-cl.pt\/pt\/wp-json\/wp\/v2\/types\/services"}],"replies":[{"embeddable":true,"href":"https:\/\/cac-cl.pt\/pt\/wp-json\/wp\/v2\/comments?post=11169"}],"wp:featuredmedia":[{"embeddable":true,"href":"https:\/\/cac-cl.pt\/pt\/wp-json\/wp\/v2\/media\/11061"}],"wp:attachment":[{"href":"https:\/\/cac-cl.pt\/pt\/wp-json\/wp\/v2\/media?parent=11169"}],"wp:term":[{"taxonomy":"service_category","embeddable":true,"href":"https:\/\/cac-cl.pt\/pt\/wp-json\/wp\/v2\/service_category?post=11169"}],"curies":[{"name":"wp","href":"https:\/\/api.w.org\/{rel}","templated":true}]}}