{"id":11172,"date":"2024-04-25T10:29:30","date_gmt":"2024-04-25T10:29:30","guid":{"rendered":"https:\/\/cac-cl.pt\/?post_type=services&#038;p=11172"},"modified":"2025-08-08T09:59:20","modified_gmt":"2025-08-08T09:59:20","slug":"postgraduate-programme-in-sleep","status":"publish","type":"services","link":"https:\/\/cac-cl.pt\/pt\/services\/postgraduate-programme-in-sleep\/","title":{"rendered":"Postgraduate Programme in Sleep Medicine"},"content":{"rendered":"<p><\/p>\n\n\n\n<p>Esta P\u00f3s-Gradua\u00e7\u00e3o est\u00e1 especialmente orientada para a forma\u00e7\u00e3o dos profissionais interessados em trabalhar na \u00e1rea do sono (cl\u00ednicos ou t\u00e9cnicos) e\/ou da investiga\u00e7\u00e3o e confere prepara\u00e7\u00e3o te\u00f3rica e pr\u00e1tica robusta para a certifica\u00e7\u00e3o Europeia de Somnologista, T\u00e9cnico Somonologista e tamb\u00e9m de Acredita\u00e7\u00e3o em Medicina Dent\u00e1ria do Sono.<\/p>\n\n\n\n<p>This Postgraduate&nbsp;Program in Sleep Medicine is specially oriented for those interested to work in the sleep-in clinic or research fields and is oriented for the preparation of the European Somnologist certification for different backgrounds (e.g., medicine, psychology, research, technicians) and also to the dental sleep Accreditation Level.<\/p>\n\n\n\n<p>The program would be lectured by faculty members of the Catholic University with recognized knowledge in this field as well as invited national and international experts in the different areas of sleep.<\/p>\n\n\n\n<p>This Postgraduate&nbsp;Program in Sleep Medicine has&nbsp;<strong>30 ECTS<\/strong>&nbsp;with 220 contact hours.<\/p>\n\n\n\n<p>Begins on October 17th, 2025.<\/p>\n\n\n\n<p><strong>Schedule<\/strong><\/p>\n\n\n\n<p>Fridays afternoon (2 pm-6 pm, Lisbon time) and during one Saturday in each month (9 am-1 pm, Lisbon time). Exceptionally, in November there will be a full day Saturday (9am-6pm, Lisbon time). The program will be follow a blended learning format.<\/p>\n\n\n\n<p>The theoretical classes will be online. After each theoretical module there will be practical classes which will be mostly in presence, except for international speakers and for students abroad or unable to be in presence. Off course, some practical classes and the final Seminar will be more profitable if in presence, but can be online as well.<\/p>\n\n\n\n<p><strong>Venue<\/strong><\/p>\n\n\n\n<p>Faculdade de Medicina da Universidade Cat\u00f3lica<br>Universidade Cat\u00f3lica Portuguesa \u2013 Sintra Campus<br>Estrada Oct\u00e1vio Pato | 2635-631 Rio de Mouro<\/p>\n\n\n\n<p><strong>Note:<\/strong>&nbsp;Some practical sessions may take place outside Cat\u00f3lica Medical School, such as&nbsp;in a Sleep Lab or Dentistry clinic.<\/p>\n\n\n\n<p><em><strong>This program is supported by the&nbsp;TRAINING4RESILIENCE project, funded by the European Union (NextGenerationEU), STEAM Youth Impulse&nbsp;and Adult Impulse, as part of the&nbsp;Recovery and Resilience Programme (PRR).<\/strong><\/em><\/p>\n\n\n\n<div class=\"wp-block-buttons is-content-justification-center is-layout-flex wp-container-core-buttons-is-layout-16018d1d wp-block-buttons-is-layout-flex\">\n<div class=\"wp-block-button\"><a class=\"wp-block-button__link has-white-color has-text-color has-background has-link-color has-medium-font-size has-custom-font-size wp-element-button\" href=\"https:\/\/fm.ucp.pt\/catolica-health-education-postgraduate-programs\/postgraduate-program-sleep-medicine\" style=\"background-color:#0d9bad\">Read More<\/a><\/div>\n<\/div>","protected":false},"excerpt":{"rendered":"<p>This postgraduate programme is especially aimed at training professionals interested in working in the field of sleep (clinicians or technicians) and\/or research and provides robust theoretical and practical preparation for the European certification of Somnologist, Somnologist Technician and also Accreditation in Dental Sleep Medicine. This Postgraduate&nbsp;Program in Sleep Medicine is specially oriented for those interested [&hellip;]<\/p>\n","protected":false},"featured_media":11041,"parent":0,"comment_status":"open","ping_status":"closed","template":"","service_category":[73],"class_list":["post-11172","services","type-services","status-publish","has-post-thumbnail","hentry","service_category-post_graduation"],"acf":[],"yoast_head":"<!-- This site is optimized with the Yoast SEO plugin v27.5 - https:\/\/yoast.com\/product\/yoast-seo-wordpress\/ -->\n<title>Postgraduate Programme in Sleep Medicine | Centro Acad\u00e9mico Cl\u00ednico Cat\u00f3lica Luz (CAC-CL)<\/title>\n<meta name=\"robots\" content=\"index, follow, max-snippet:-1, max-image-preview:large, max-video-preview:-1\" \/>\n<link rel=\"canonical\" href=\"https:\/\/cac-cl.pt\/pt\/services\/postgraduate-programme-in-sleep\/\" \/>\n<meta property=\"og:locale\" content=\"pt_PT\" \/>\n<meta property=\"og:type\" content=\"article\" \/>\n<meta property=\"og:title\" content=\"Postgraduate Programme in Sleep Medicine | Centro Acad\u00e9mico Cl\u00ednico Cat\u00f3lica Luz (CAC-CL)\" \/>\n<meta property=\"og:description\" content=\"This postgraduate programme is especially aimed at training professionals interested in working in the field of sleep (clinicians or technicians) and\/or research and provides robust theoretical and practical preparation for the European certification of Somnologist, Somnologist Technician and also Accreditation in Dental Sleep Medicine. This Postgraduate&nbsp;Program in Sleep Medicine is specially oriented for those interested [&hellip;]\" \/>\n<meta property=\"og:url\" content=\"https:\/\/cac-cl.pt\/pt\/services\/postgraduate-programme-in-sleep\/\" \/>\n<meta property=\"og:site_name\" content=\"Centro Acad\u00e9mico Cl\u00ednico Cat\u00f3lica Luz (CAC-CL)\" \/>\n<meta property=\"article:modified_time\" content=\"2025-08-08T09:59:20+00:00\" \/>\n<meta property=\"og:image\" content=\"https:\/\/cac-cl.pt\/wp-content\/uploads\/2023\/12\/2Z7B8698_1-e1714043879211.jpg\" \/>\n\t<meta property=\"og:image:width\" content=\"1365\" \/>\n\t<meta property=\"og:image:height\" content=\"1590\" \/>\n\t<meta property=\"og:image:type\" content=\"image\/jpeg\" \/>\n<meta name=\"twitter:card\" content=\"summary_large_image\" \/>\n<meta name=\"twitter:label1\" content=\"Tempo estimado de leitura\" \/>\n\t<meta name=\"twitter:data1\" content=\"2 minutos\" \/>\n<script type=\"application\/ld+json\" class=\"yoast-schema-graph\">{\"@context\":\"https:\\\/\\\/schema.org\",\"@graph\":[{\"@type\":\"WebPage\",\"@id\":\"https:\\\/\\\/cac-cl.pt\\\/services\\\/postgraduate-programme-in-sleep\\\/\",\"url\":\"https:\\\/\\\/cac-cl.pt\\\/services\\\/postgraduate-programme-in-sleep\\\/\",\"name\":\"Postgraduate Programme in Sleep Medicine | Centro Acad\u00e9mico Cl\u00ednico Cat\u00f3lica Luz (CAC-CL)\",\"isPartOf\":{\"@id\":\"https:\\\/\\\/cac-cl.pt\\\/#website\"},\"primaryImageOfPage\":{\"@id\":\"https:\\\/\\\/cac-cl.pt\\\/services\\\/postgraduate-programme-in-sleep\\\/#primaryimage\"},\"image\":{\"@id\":\"https:\\\/\\\/cac-cl.pt\\\/services\\\/postgraduate-programme-in-sleep\\\/#primaryimage\"},\"thumbnailUrl\":\"https:\\\/\\\/cac-cl.pt\\\/wp-content\\\/uploads\\\/2023\\\/12\\\/2Z7B8698_1-e1714043879211.jpg\",\"datePublished\":\"2024-04-25T10:29:30+00:00\",\"dateModified\":\"2025-08-08T09:59:20+00:00\",\"breadcrumb\":{\"@id\":\"https:\\\/\\\/cac-cl.pt\\\/services\\\/postgraduate-programme-in-sleep\\\/#breadcrumb\"},\"inLanguage\":\"pt-PT\",\"potentialAction\":[{\"@type\":\"ReadAction\",\"target\":[\"https:\\\/\\\/cac-cl.pt\\\/services\\\/postgraduate-programme-in-sleep\\\/\"]}]},{\"@type\":\"ImageObject\",\"inLanguage\":\"pt-PT\",\"@id\":\"https:\\\/\\\/cac-cl.pt\\\/services\\\/postgraduate-programme-in-sleep\\\/#primaryimage\",\"url\":\"https:\\\/\\\/cac-cl.pt\\\/wp-content\\\/uploads\\\/2023\\\/12\\\/2Z7B8698_1-e1714043879211.jpg\",\"contentUrl\":\"https:\\\/\\\/cac-cl.pt\\\/wp-content\\\/uploads\\\/2023\\\/12\\\/2Z7B8698_1-e1714043879211.jpg\",\"width\":1365,\"height\":1590},{\"@type\":\"BreadcrumbList\",\"@id\":\"https:\\\/\\\/cac-cl.pt\\\/services\\\/postgraduate-programme-in-sleep\\\/#breadcrumb\",\"itemListElement\":[{\"@type\":\"ListItem\",\"position\":1,\"name\":\"In\u00edcio\",\"item\":\"https:\\\/\\\/cac-cl.pt\\\/\"},{\"@type\":\"ListItem\",\"position\":2,\"name\":\"Services\",\"item\":\"https:\\\/\\\/cac-cl.pt\\\/services\\\/\"},{\"@type\":\"ListItem\",\"position\":3,\"name\":\"Postgraduate Programme in Sleep Medicine\"}]},{\"@type\":\"WebSite\",\"@id\":\"https:\\\/\\\/cac-cl.pt\\\/#website\",\"url\":\"https:\\\/\\\/cac-cl.pt\\\/\",\"name\":\"Centro Acad\u00e9mico Cl\u00ednico Cat\u00f3lica Luz (CAC-CL)\",\"description\":\"Centro Acad\u00e9mico Cl\u00ednico Cat\u00f3lica Luz\",\"publisher\":{\"@id\":\"https:\\\/\\\/cac-cl.pt\\\/#organization\"},\"alternateName\":\"CAC-CL\",\"potentialAction\":[{\"@type\":\"SearchAction\",\"target\":{\"@type\":\"EntryPoint\",\"urlTemplate\":\"https:\\\/\\\/cac-cl.pt\\\/?s={search_term_string}\"},\"query-input\":{\"@type\":\"PropertyValueSpecification\",\"valueRequired\":true,\"valueName\":\"search_term_string\"}}],\"inLanguage\":\"pt-PT\"},{\"@type\":\"Organization\",\"@id\":\"https:\\\/\\\/cac-cl.pt\\\/#organization\",\"name\":\"Centro Acad\u00e9mico Cl\u00ednico Cat\u00f3lica Luz (CAC-CL)\",\"alternateName\":\"CAC-CL\",\"url\":\"https:\\\/\\\/cac-cl.pt\\\/\",\"logo\":{\"@type\":\"ImageObject\",\"inLanguage\":\"pt-PT\",\"@id\":\"https:\\\/\\\/cac-cl.pt\\\/#\\\/schema\\\/logo\\\/image\\\/\",\"url\":\"https:\\\/\\\/cac-cl.pt\\\/wp-content\\\/uploads\\\/2024\\\/04\\\/cropped-CAC_Logotipo_Principal_Positivo-e1712844263631.png\",\"contentUrl\":\"https:\\\/\\\/cac-cl.pt\\\/wp-content\\\/uploads\\\/2024\\\/04\\\/cropped-CAC_Logotipo_Principal_Positivo-e1712844263631.png\",\"width\":2249,\"height\":1409,\"caption\":\"Centro Acad\u00e9mico Cl\u00ednico Cat\u00f3lica Luz (CAC-CL)\"},\"image\":{\"@id\":\"https:\\\/\\\/cac-cl.pt\\\/#\\\/schema\\\/logo\\\/image\\\/\"},\"sameAs\":[\"https:\\\/\\\/www.linkedin.com\\\/company\\\/caolica-luz-cac\\\/\",\"https:\\\/\\\/www.instagram.com\\\/caccl.pt\\\/\",\"https:\\\/\\\/pt.pinterest.com\\\/catolicaluz\\\/\"]}]}<\/script>\n<!-- \/ Yoast SEO plugin. -->","yoast_head_json":{"title":"Postgraduate Programme in Sleep Medicine | Centro Acad\u00e9mico Cl\u00ednico Cat\u00f3lica Luz (CAC-CL)","robots":{"index":"index","follow":"follow","max-snippet":"max-snippet:-1","max-image-preview":"max-image-preview:large","max-video-preview":"max-video-preview:-1"},"canonical":"https:\/\/cac-cl.pt\/pt\/services\/postgraduate-programme-in-sleep\/","og_locale":"pt_PT","og_type":"article","og_title":"Postgraduate Programme in Sleep Medicine | Centro Acad\u00e9mico Cl\u00ednico Cat\u00f3lica Luz (CAC-CL)","og_description":"This postgraduate programme is especially aimed at training professionals interested in working in the field of sleep (clinicians or technicians) and\/or research and provides robust theoretical and practical preparation for the European certification of Somnologist, Somnologist Technician and also Accreditation in Dental Sleep Medicine. This Postgraduate&nbsp;Program in Sleep Medicine is specially oriented for those interested [&hellip;]","og_url":"https:\/\/cac-cl.pt\/pt\/services\/postgraduate-programme-in-sleep\/","og_site_name":"Centro Acad\u00e9mico Cl\u00ednico Cat\u00f3lica Luz (CAC-CL)","article_modified_time":"2025-08-08T09:59:20+00:00","og_image":[{"width":1365,"height":1590,"url":"https:\/\/cac-cl.pt\/wp-content\/uploads\/2023\/12\/2Z7B8698_1-e1714043879211.jpg","type":"image\/jpeg"}],"twitter_card":"summary_large_image","twitter_misc":{"Tempo estimado de leitura":"2 minutos"},"schema":{"@context":"https:\/\/schema.org","@graph":[{"@type":"WebPage","@id":"https:\/\/cac-cl.pt\/services\/postgraduate-programme-in-sleep\/","url":"https:\/\/cac-cl.pt\/services\/postgraduate-programme-in-sleep\/","name":"Postgraduate Programme in Sleep Medicine | Centro Acad\u00e9mico Cl\u00ednico Cat\u00f3lica Luz (CAC-CL)","isPartOf":{"@id":"https:\/\/cac-cl.pt\/#website"},"primaryImageOfPage":{"@id":"https:\/\/cac-cl.pt\/services\/postgraduate-programme-in-sleep\/#primaryimage"},"image":{"@id":"https:\/\/cac-cl.pt\/services\/postgraduate-programme-in-sleep\/#primaryimage"},"thumbnailUrl":"https:\/\/cac-cl.pt\/wp-content\/uploads\/2023\/12\/2Z7B8698_1-e1714043879211.jpg","datePublished":"2024-04-25T10:29:30+00:00","dateModified":"2025-08-08T09:59:20+00:00","breadcrumb":{"@id":"https:\/\/cac-cl.pt\/services\/postgraduate-programme-in-sleep\/#breadcrumb"},"inLanguage":"pt-PT","potentialAction":[{"@type":"ReadAction","target":["https:\/\/cac-cl.pt\/services\/postgraduate-programme-in-sleep\/"]}]},{"@type":"ImageObject","inLanguage":"pt-PT","@id":"https:\/\/cac-cl.pt\/services\/postgraduate-programme-in-sleep\/#primaryimage","url":"https:\/\/cac-cl.pt\/wp-content\/uploads\/2023\/12\/2Z7B8698_1-e1714043879211.jpg","contentUrl":"https:\/\/cac-cl.pt\/wp-content\/uploads\/2023\/12\/2Z7B8698_1-e1714043879211.jpg","width":1365,"height":1590},{"@type":"BreadcrumbList","@id":"https:\/\/cac-cl.pt\/services\/postgraduate-programme-in-sleep\/#breadcrumb","itemListElement":[{"@type":"ListItem","position":1,"name":"In\u00edcio","item":"https:\/\/cac-cl.pt\/"},{"@type":"ListItem","position":2,"name":"Services","item":"https:\/\/cac-cl.pt\/services\/"},{"@type":"ListItem","position":3,"name":"Postgraduate Programme in Sleep Medicine"}]},{"@type":"WebSite","@id":"https:\/\/cac-cl.pt\/#website","url":"https:\/\/cac-cl.pt\/","name":"Centro Acad\u00e9mico Cl\u00ednico Cat\u00f3lica Luz (CAC-CL)","description":"Centro Acad\u00e9mico Cl\u00ednico Cat\u00f3lica Luz","publisher":{"@id":"https:\/\/cac-cl.pt\/#organization"},"alternateName":"CAC-CL","potentialAction":[{"@type":"SearchAction","target":{"@type":"EntryPoint","urlTemplate":"https:\/\/cac-cl.pt\/?s={search_term_string}"},"query-input":{"@type":"PropertyValueSpecification","valueRequired":true,"valueName":"search_term_string"}}],"inLanguage":"pt-PT"},{"@type":"Organization","@id":"https:\/\/cac-cl.pt\/#organization","name":"Centro Acad\u00e9mico Cl\u00ednico Cat\u00f3lica Luz (CAC-CL)","alternateName":"CAC-CL","url":"https:\/\/cac-cl.pt\/","logo":{"@type":"ImageObject","inLanguage":"pt-PT","@id":"https:\/\/cac-cl.pt\/#\/schema\/logo\/image\/","url":"https:\/\/cac-cl.pt\/wp-content\/uploads\/2024\/04\/cropped-CAC_Logotipo_Principal_Positivo-e1712844263631.png","contentUrl":"https:\/\/cac-cl.pt\/wp-content\/uploads\/2024\/04\/cropped-CAC_Logotipo_Principal_Positivo-e1712844263631.png","width":2249,"height":1409,"caption":"Centro Acad\u00e9mico Cl\u00ednico Cat\u00f3lica Luz (CAC-CL)"},"image":{"@id":"https:\/\/cac-cl.pt\/#\/schema\/logo\/image\/"},"sameAs":["https:\/\/www.linkedin.com\/company\/caolica-luz-cac\/","https:\/\/www.instagram.com\/caccl.pt\/","https:\/\/pt.pinterest.com\/catolicaluz\/"]}]}},"_links":{"self":[{"href":"https:\/\/cac-cl.pt\/pt\/wp-json\/wp\/v2\/services\/11172","targetHints":{"allow":["GET"]}}],"collection":[{"href":"https:\/\/cac-cl.pt\/pt\/wp-json\/wp\/v2\/services"}],"about":[{"href":"https:\/\/cac-cl.pt\/pt\/wp-json\/wp\/v2\/types\/services"}],"replies":[{"embeddable":true,"href":"https:\/\/cac-cl.pt\/pt\/wp-json\/wp\/v2\/comments?post=11172"}],"wp:featuredmedia":[{"embeddable":true,"href":"https:\/\/cac-cl.pt\/pt\/wp-json\/wp\/v2\/media\/11041"}],"wp:attachment":[{"href":"https:\/\/cac-cl.pt\/pt\/wp-json\/wp\/v2\/media?parent=11172"}],"wp:term":[{"taxonomy":"service_category","embeddable":true,"href":"https:\/\/cac-cl.pt\/pt\/wp-json\/wp\/v2\/service_category?post=11172"}],"curies":[{"name":"wp","href":"https:\/\/api.w.org\/{rel}","templated":true}]}}